{"id":8,"date":"2024-10-10T13:11:12","date_gmt":"2024-10-10T11:11:12","guid":{"rendered":"https:\/\/cpts-argenteuil.fr\/?page_id=8"},"modified":"2025-02-20T11:29:15","modified_gmt":"2025-02-20T10:29:15","slug":"cpts-dargentueil","status":"publish","type":"page","link":"https:\/\/cpts-argenteuil.fr\/","title":{"rendered":"Accueil"},"content":{"rendered":"\n<div class=\"wp-block-cover alignfull has-parallax\" style=\"min-height:720px;aspect-ratio:unset;\"><span aria-hidden=\"true\" class=\"wp-block-cover__background has-background-dim wp-block-cover__gradient-background has-background-gradient\" style=\"background:linear-gradient(35deg,rgb(37,135,139) 0%,rgb(51,156,149) 76%,rgb(81,189,202) 100%)\"><\/span><div class=\"wp-block-cover__image-background wp-image-113 has-parallax\" style=\"background-position:50% 50%;background-image:url(https:\/\/cpts-argenteuil.fr\/wp-content\/uploads\/2025\/01\/White-Minimalist-Corporate-Staff-Profile-New-LinkedIn-Banner-4-2.png)\"><\/div><div class=\"wp-block-cover__inner-container is-layout-flow wp-block-cover-is-layout-flow\">\n<p><\/p>\n\n\n\n<div class=\"inherit-container-width wp-block-group alignwide is-layout-constrained wp-block-group-is-layout-constrained\">\n<p><\/p>\n\n\n\n<p><\/p>\n\n\n\n<p><\/p>\n\n\n\n<p><\/p>\n<\/div>\n<\/div><\/div>\n\n\n\n<div class=\"wp-block-group alignfull has-ast-global-color-5-background-color has-background is-layout-constrained wp-container-core-group-is-layout-94d206d0 wp-block-group-is-layout-constrained\" id=\"about\" style=\"padding-top:143px;padding-bottom:144px\">\n<div class=\"wp-block-media-text has-media-on-the-right is-stacked-on-mobile is-vertically-aligned-center\" style=\"grid-template-columns:auto 45%\"><div class=\"wp-block-media-text__content\">\n<div class=\"inherit-container-width wp-block-group is-layout-constrained wp-container-core-group-is-layout-47ce07ec wp-block-group-is-layout-constrained\" style=\"padding-right:80px\">\n<h4 class=\"wp-block-heading\">Quelques chiffres cl\u00e9s<\/h4>\n\n\n\n<ul class=\"wp-block-list\">\n<li>42,2% de la population a moins de 30 ans<\/li>\n\n\n\n<li>Indice de vieillissement de 42 (100 jeunes de \u2013 de 20 ans pour 42 PA de de + 65 ans)<\/li>\n\n\n\n<li>20,7% de familles monoparentales<\/li>\n\n\n\n<li>Taux de pauvret\u00e9 = 27%&nbsp; (17,7% dans le VO)<\/li>\n\n\n\n<li>51% des foyens sont non impos\u00e9s<\/li>\n\n\n\n<li>9,1% des m\u00e9nages fiscaux sont b\u00e9n\u00e9ficiaires de prestations sociales (5,7% dans le VO)<\/li>\n<\/ul>\n<\/div>\n<\/div><figure class=\"wp-block-media-text__media\"><img loading=\"lazy\" decoding=\"async\" width=\"1008\" height=\"726\" src=\"https:\/\/cpts-argenteuil.fr\/wp-content\/uploads\/2024\/10\/Capture-decran-2024-10-11-a-10.29.02.png\" alt=\"CPTS d'Argenteuil \" class=\"wp-image-66 size-full\" srcset=\"https:\/\/cpts-argenteuil.fr\/wp-content\/uploads\/2024\/10\/Capture-decran-2024-10-11-a-10.29.02.png 1008w, https:\/\/cpts-argenteuil.fr\/wp-content\/uploads\/2024\/10\/Capture-decran-2024-10-11-a-10.29.02-300x216.png 300w, https:\/\/cpts-argenteuil.fr\/wp-content\/uploads\/2024\/10\/Capture-decran-2024-10-11-a-10.29.02-768x553.png 768w\" sizes=\"auto, (max-width: 1008px) 100vw, 1008px\" \/><\/figure><\/div>\n<\/div>\n\n\n\n<div class=\"wp-block-group alignfull has-ast-global-color-5-background-color has-background is-layout-constrained wp-container-core-group-is-layout-9cedb757 wp-block-group-is-layout-constrained\" style=\"padding-bottom:0px\">\n<h2 class=\"wp-block-heading has-text-align-center\">Focus sur le projet de sant\u00e9 de la CPTS<\/h2>\n\n\n\n<figure class=\"wp-block-image aligncenter size-large is-style-default\"><img loading=\"lazy\" decoding=\"async\" width=\"1024\" height=\"476\" src=\"https:\/\/cpts-argenteuil.fr\/wp-content\/uploads\/2024\/10\/Capture-decran-2024-10-11-a-10.11.50-1024x476.png\" alt=\"CPTS d'Argenteuil \" class=\"wp-image-56\" srcset=\"https:\/\/cpts-argenteuil.fr\/wp-content\/uploads\/2024\/10\/Capture-decran-2024-10-11-a-10.11.50-1024x476.png 1024w, https:\/\/cpts-argenteuil.fr\/wp-content\/uploads\/2024\/10\/Capture-decran-2024-10-11-a-10.11.50-300x140.png 300w, https:\/\/cpts-argenteuil.fr\/wp-content\/uploads\/2024\/10\/Capture-decran-2024-10-11-a-10.11.50-768x357.png 768w, https:\/\/cpts-argenteuil.fr\/wp-content\/uploads\/2024\/10\/Capture-decran-2024-10-11-a-10.11.50-1536x714.png 1536w, https:\/\/cpts-argenteuil.fr\/wp-content\/uploads\/2024\/10\/Capture-decran-2024-10-11-a-10.11.50.png 1832w\" sizes=\"auto, (max-width: 1024px) 100vw, 1024px\" \/><\/figure>\n<\/div>\n\n\n\n<div class=\"wp-block-group alignfull is-layout-constrained wp-container-core-group-is-layout-45b0ac4f wp-block-group-is-layout-constrained\" id=\"services\" style=\"padding-top:144px;padding-bottom:0px\">\n<h2 class=\"wp-block-heading has-text-align-center\">Participez \u00e0 nos groupes de travail<\/h2>\n\n\n\n<p>Nous valorisons toutes le formes de participation aux groupes de travail. Vous pouvez vous inscrire pour une participation aux r\u00e9unions en pr\u00e9sentiel ou distantiel ou pour apporter vos contributions par \u00e9crit en r\u00e9action de comptes rendus des groupes de travail.<\/p>\n\n\n\n<div class=\"wp-block-columns is-layout-flex wp-container-core-columns-is-layout-60cbf9bb wp-block-columns-is-layout-flex\" style=\"margin-top:50px\">\n<div class=\"wp-block-column is-layout-flow wp-container-core-column-is-layout-6b73ce23 wp-block-column-is-layout-flow\">\n<figure class=\"wp-block-gallery has-nested-images columns-default is-cropped wp-block-gallery-1 is-layout-flex wp-block-gallery-is-layout-flex\">\n<figure class=\"wp-block-image aligncenter size-full\"><img loading=\"lazy\" decoding=\"async\" width=\"1110\" height=\"720\" data-id=\"83\" src=\"https:\/\/cpts-argenteuil.fr\/wp-content\/uploads\/2024\/10\/Capture-decran-2024-10-11-a-10.19.29-1.png\" alt=\"CPTS d'Argenteuil \" class=\"wp-image-83\" srcset=\"https:\/\/cpts-argenteuil.fr\/wp-content\/uploads\/2024\/10\/Capture-decran-2024-10-11-a-10.19.29-1.png 1110w, https:\/\/cpts-argenteuil.fr\/wp-content\/uploads\/2024\/10\/Capture-decran-2024-10-11-a-10.19.29-1-300x195.png 300w, https:\/\/cpts-argenteuil.fr\/wp-content\/uploads\/2024\/10\/Capture-decran-2024-10-11-a-10.19.29-1-1024x664.png 1024w, https:\/\/cpts-argenteuil.fr\/wp-content\/uploads\/2024\/10\/Capture-decran-2024-10-11-a-10.19.29-1-768x498.png 768w\" sizes=\"auto, (max-width: 1110px) 100vw, 1110px\" \/><\/figure>\n<\/figure>\n\n\n\n<h3 class=\"wp-block-heading\" style=\"margin-top:16px\">Groupe de travail 1<\/h3>\n\n\n\n<p>Am\u00e9lioration de l&rsquo;acc\u00e8s aux soins &amp; Accompagnement des professionnels de sant\u00e9 sur le territoire<\/p>\n\n\n\n<div class=\"wp-block-buttons is-layout-flex wp-block-buttons-is-layout-flex\">\n<div class=\"wp-block-button\"><a class=\"wp-block-button__link wp-element-button\" href=\"http:\/\/cptsargenteuil@gmail.com \u2197\">S&rsquo;inscrire<\/a><\/div>\n<\/div>\n<\/div>\n\n\n\n<div class=\"wp-block-column is-layout-flow wp-container-core-column-is-layout-6b73ce23 wp-block-column-is-layout-flow\">\n<figure class=\"wp-block-image aligncenter size-full is-resized\"><img loading=\"lazy\" decoding=\"async\" width=\"1110\" height=\"720\" src=\"https:\/\/cpts-argenteuil.fr\/wp-content\/uploads\/2024\/10\/Capture-decran-2024-10-11-a-10.19.51-1.png\" alt=\"CPTS d'Argenteuil \" class=\"wp-image-84\" style=\"width:315px;height:auto\" srcset=\"https:\/\/cpts-argenteuil.fr\/wp-content\/uploads\/2024\/10\/Capture-decran-2024-10-11-a-10.19.51-1.png 1110w, https:\/\/cpts-argenteuil.fr\/wp-content\/uploads\/2024\/10\/Capture-decran-2024-10-11-a-10.19.51-1-300x195.png 300w, https:\/\/cpts-argenteuil.fr\/wp-content\/uploads\/2024\/10\/Capture-decran-2024-10-11-a-10.19.51-1-1024x664.png 1024w, https:\/\/cpts-argenteuil.fr\/wp-content\/uploads\/2024\/10\/Capture-decran-2024-10-11-a-10.19.51-1-768x498.png 768w\" sizes=\"auto, (max-width: 1110px) 100vw, 1110px\" \/><\/figure>\n\n\n\n<h3 class=\"wp-block-heading\" style=\"margin-top:16px\">Groupe de travail 2<\/h3>\n\n\n\n<p>Fluidit\u00e9 des parcours de sant\u00e9 des patients et de la continuit\u00e9<\/p>\n\n\n\n<div class=\"wp-block-buttons is-layout-flex wp-block-buttons-is-layout-flex\">\n<div class=\"wp-block-button\"><a class=\"wp-block-button__link wp-element-button\" href=\"http:\/\/cptsargenteuil@gmail.com \u2197\">S&rsquo;inscrire<\/a><\/div>\n<\/div>\n<\/div>\n\n\n\n<div class=\"wp-block-column is-layout-flow wp-container-core-column-is-layout-6b73ce23 wp-block-column-is-layout-flow\">\n<figure class=\"wp-block-image aligncenter size-full is-resized\"><img loading=\"lazy\" decoding=\"async\" width=\"1110\" height=\"720\" src=\"https:\/\/cpts-argenteuil.fr\/wp-content\/uploads\/2024\/10\/Capture-decran-2024-10-11-a-10.19.59-1.png\" alt=\"CPTS d'Argenteuil \" class=\"wp-image-85\" style=\"width:311px;height:auto\" srcset=\"https:\/\/cpts-argenteuil.fr\/wp-content\/uploads\/2024\/10\/Capture-decran-2024-10-11-a-10.19.59-1.png 1110w, https:\/\/cpts-argenteuil.fr\/wp-content\/uploads\/2024\/10\/Capture-decran-2024-10-11-a-10.19.59-1-300x195.png 300w, https:\/\/cpts-argenteuil.fr\/wp-content\/uploads\/2024\/10\/Capture-decran-2024-10-11-a-10.19.59-1-1024x664.png 1024w, https:\/\/cpts-argenteuil.fr\/wp-content\/uploads\/2024\/10\/Capture-decran-2024-10-11-a-10.19.59-1-768x498.png 768w\" sizes=\"auto, (max-width: 1110px) 100vw, 1110px\" \/><\/figure>\n\n\n\n<h3 class=\"wp-block-heading\" style=\"margin-top:16px\">Groupe de travail 3<\/h3>\n\n\n\n<p>Actions coordonn\u00e9es de pr\u00e9vention &amp; Participation \u00e0 la r\u00e9ponse aux crises sanitaires<\/p>\n\n\n\n<div class=\"wp-block-buttons is-layout-flex wp-block-buttons-is-layout-flex\">\n<div class=\"wp-block-button\"><a class=\"wp-block-button__link wp-element-button\" href=\"http:\/\/cptsargenteuil@gmail.com \u2197\">S&rsquo;inscrire<\/a><\/div>\n<\/div>\n<\/div>\n<\/div>\n<\/div>\n\n\n\n<div class=\"wp-block-group alignfull is-layout-constrained wp-container-core-group-is-layout-3fee123f wp-block-group-is-layout-constrained\" id=\"whyus\" style=\"padding-top:144px;padding-bottom:144px\">\n<div class=\"wp-block-media-text is-stacked-on-mobile\"><figure class=\"wp-block-media-text__media\"><img loading=\"lazy\" decoding=\"async\" width=\"1024\" height=\"614\" src=\"https:\/\/cpts-argenteuil.fr\/wp-content\/uploads\/2024\/10\/light-bulbs-1875384_1280-1024x614.jpg\" alt=\"CPTS d'Argenteuil \" class=\"wp-image-97 size-full\" srcset=\"https:\/\/cpts-argenteuil.fr\/wp-content\/uploads\/2024\/10\/light-bulbs-1875384_1280-1024x614.jpg 1024w, https:\/\/cpts-argenteuil.fr\/wp-content\/uploads\/2024\/10\/light-bulbs-1875384_1280-300x180.jpg 300w, https:\/\/cpts-argenteuil.fr\/wp-content\/uploads\/2024\/10\/light-bulbs-1875384_1280-768x461.jpg 768w, https:\/\/cpts-argenteuil.fr\/wp-content\/uploads\/2024\/10\/light-bulbs-1875384_1280.jpg 1280w\" sizes=\"auto, (max-width: 1024px) 100vw, 1024px\" \/><\/figure><div class=\"wp-block-media-text__content\">\n<p>Boite \u00e0 id\u00e9es : partagez avec nous vos contributions pour alimenter le projet de sant\u00e9 <\/p>\n\n\n\n<div class=\"wp-block-buttons is-content-justification-left is-layout-flex wp-container-core-buttons-is-layout-fc4fd283 wp-block-buttons-is-layout-flex\">\n<div class=\"wp-block-button\"><a class=\"wp-block-button__link wp-element-button\" href=\"cptsargenteuil@gmail.com\">Envoyer une contribution<\/a><\/div>\n<\/div>\n<\/div><\/div>\n\n\n\n<h2 class=\"wp-block-heading\">Avantages de participer \u00e0 une CPTS<\/h2>\n\n\n\n<div class=\"wp-block-columns is-layout-flex wp-container-core-columns-is-layout-29aadeec wp-block-columns-is-layout-flex\" style=\"margin-top:60px\">\n<div class=\"wp-block-column is-layout-flow wp-container-core-column-is-layout-6b73ce23 wp-block-column-is-layout-flow\">\n<figure class=\"wp-block-image size-large\"><img decoding=\"async\" src=\"https:\/\/cpts-argenteuil.fr\/wp-content\/themes\/astra\/inc\/assets\/images\/starter-content\/passionate.svg\" alt=\"CPTS d'Argenteuil \" class=\"wp-image-162\"\/><\/figure>\n\n\n\n<h3 class=\"wp-block-heading\" style=\"margin-top:16px\">Impact sur la sant\u00e9 publique<\/h3>\n\n\n\n<figure class=\"wp-block-image size-full is-resized\"><img loading=\"lazy\" decoding=\"async\" width=\"48\" height=\"48\" src=\"https:\/\/cpts-argenteuil.fr\/wp-content\/uploads\/2024\/10\/icons8-transfert-entre-utilisateurs-48.png\" alt=\"CPTS d'Argenteuil \" class=\"wp-image-77\" style=\"width:64px;height:auto\"\/><\/figure>\n\n\n\n<h3 class=\"wp-block-heading\" style=\"margin-top:16px\">R\u00e9seau professionnel<\/h3>\n<\/div>\n\n\n\n<div class=\"wp-block-column is-layout-flow wp-container-core-column-is-layout-6b73ce23 wp-block-column-is-layout-flow\">\n<figure class=\"wp-block-image size-full is-resized\"><img loading=\"lazy\" decoding=\"async\" width=\"80\" height=\"80\" src=\"https:\/\/cpts-argenteuil.fr\/wp-content\/uploads\/2024\/10\/icons8-euro-80.png\" alt=\"CPTS d'Argenteuil \" class=\"wp-image-75\" style=\"width:63px;height:auto\"\/><\/figure>\n\n\n\n<h3 class=\"wp-block-heading\" style=\"margin-top:16px\">Acc\u00e8s \u00e0 des financements<\/h3>\n\n\n\n<figure class=\"wp-block-image size-full is-resized\"><img loading=\"lazy\" decoding=\"async\" width=\"48\" height=\"48\" src=\"https:\/\/cpts-argenteuil.fr\/wp-content\/uploads\/2024\/10\/icons8-temps-48.png\" alt=\"CPTS d'Argenteuil \" class=\"wp-image-78\" style=\"width:59px;height:auto\"\/><\/figure>\n\n\n\n<h3 class=\"wp-block-heading\" style=\"margin-top:16px\">Gain de temps<\/h3>\n<\/div>\n\n\n\n<div class=\"wp-block-column is-layout-flow wp-container-core-column-is-layout-6b73ce23 wp-block-column-is-layout-flow\">\n<figure class=\"wp-block-image size-large\"><img decoding=\"async\" src=\"https:\/\/cpts-argenteuil.fr\/wp-content\/themes\/astra\/inc\/assets\/images\/starter-content\/support.svg\" alt=\"CPTS d'Argenteuil \" class=\"wp-image-164\"\/><\/figure>\n\n\n\n<h3 class=\"wp-block-heading\" style=\"margin-top:16px\">Partage de connaissances<\/h3>\n\n\n\n<figure class=\"wp-block-image size-full\"><img loading=\"lazy\" decoding=\"async\" width=\"64\" height=\"64\" src=\"https:\/\/cpts-argenteuil.fr\/wp-content\/uploads\/2024\/10\/icons8-sync-64.png\" alt=\"CPTS d'Argenteuil \" class=\"wp-image-79\"\/><\/figure>\n\n\n\n<h3 class=\"wp-block-heading\" style=\"margin-top:16px\">Coordination<\/h3>\n<\/div>\n<\/div>\n<\/div>\n\n\n\n<div class=\"wp-block-group alignfull is-layout-constrained wp-container-core-group-is-layout-ca8c9f99 wp-block-group-is-layout-constrained\" id=\"whyus\" style=\"padding-top:144px;padding-bottom:144px\">\n<h2 class=\"wp-block-heading\">Notre \u00e9quipe<\/h2>\n\n\n\n<figure class=\"wp-block-image size-large\"><img loading=\"lazy\" decoding=\"async\" width=\"1024\" height=\"768\" src=\"https:\/\/cpts-argenteuil.fr\/wp-content\/uploads\/2025\/01\/IMG_8470-1024x768.jpeg\" alt=\"CPTS d'Argenteuil \" class=\"wp-image-122\" srcset=\"https:\/\/cpts-argenteuil.fr\/wp-content\/uploads\/2025\/01\/IMG_8470-1024x768.jpeg 1024w, https:\/\/cpts-argenteuil.fr\/wp-content\/uploads\/2025\/01\/IMG_8470-300x225.jpeg 300w, https:\/\/cpts-argenteuil.fr\/wp-content\/uploads\/2025\/01\/IMG_8470-768x576.jpeg 768w, https:\/\/cpts-argenteuil.fr\/wp-content\/uploads\/2025\/01\/IMG_8470-1536x1152.jpeg 1536w, https:\/\/cpts-argenteuil.fr\/wp-content\/uploads\/2025\/01\/IMG_8470-2048x1536.jpeg 2048w\" sizes=\"auto, (max-width: 1024px) 100vw, 1024px\" \/><\/figure>\n\n\n\n<h2 class=\"wp-block-heading\" id=\"evenements\">Nos \u00e9v\u00e9nements pass\u00e9s et \u00e0 venir<\/h2>\n\n\n\n<h2 class=\"wp-block-heading has-large-font-size\">D\u00e9couvrez le replay du webinar Sant\u00e9lien<\/h2>\n\n\n\n<div class=\"wp-block-columns is-layout-flex wp-container-core-columns-is-layout-29aadeec wp-block-columns-is-layout-flex\" style=\"margin-top:60px\">\n<div class=\"wp-block-column is-layout-flow wp-block-column-is-layout-flow\">\n<figure class=\"wp-block-video aligncenter\"><video height=\"1080\" style=\"aspect-ratio: 1920 \/ 1080;\" width=\"1920\" controls loop poster=\"https:\/\/cpts-argenteuil.fr\/wp-content\/uploads\/2025\/02\/Webinaire-Santelien--e1740045567936.jpg\" src=\"https:\/\/cpts-argenteuil.fr\/wp-content\/uploads\/2025\/02\/Webinar-Santelien-2025_02_14-12_55-CET-Recording.mp4\" playsinline><\/video><\/figure>\n<\/div>\n<\/div>\n\n\n\n<h2 class=\"wp-block-heading has-large-font-size\">La CPTS participe aux premi\u00e8res assises de la Sant\u00e9<\/h2>\n\n\n\n<figure class=\"wp-block-gallery has-nested-images columns-default is-cropped wp-block-gallery-2 is-layout-flex wp-block-gallery-is-layout-flex\">\n<figure class=\"wp-block-image size-large\"><img loading=\"lazy\" decoding=\"async\" width=\"768\" height=\"1024\" data-id=\"103\" src=\"https:\/\/cpts-argenteuil.fr\/wp-content\/uploads\/2024\/10\/IMG-20241018-WA0040-768x1024.jpg\" alt=\"CPTS d'Argenteuil \" class=\"wp-image-103\" srcset=\"https:\/\/cpts-argenteuil.fr\/wp-content\/uploads\/2024\/10\/IMG-20241018-WA0040-768x1024.jpg 768w, https:\/\/cpts-argenteuil.fr\/wp-content\/uploads\/2024\/10\/IMG-20241018-WA0040-225x300.jpg 225w, https:\/\/cpts-argenteuil.fr\/wp-content\/uploads\/2024\/10\/IMG-20241018-WA0040-1152x1536.jpg 1152w, https:\/\/cpts-argenteuil.fr\/wp-content\/uploads\/2024\/10\/IMG-20241018-WA0040.jpg 1200w\" sizes=\"auto, (max-width: 768px) 100vw, 768px\" \/><\/figure>\n\n\n\n<figure class=\"wp-block-image size-large\"><img loading=\"lazy\" decoding=\"async\" width=\"1024\" height=\"768\" data-id=\"104\" src=\"https:\/\/cpts-argenteuil.fr\/wp-content\/uploads\/2024\/10\/IMG-20241018-WA0041-1024x768.jpg\" alt=\"CPTS d'Argenteuil \" class=\"wp-image-104\" srcset=\"https:\/\/cpts-argenteuil.fr\/wp-content\/uploads\/2024\/10\/IMG-20241018-WA0041-1024x768.jpg 1024w, https:\/\/cpts-argenteuil.fr\/wp-content\/uploads\/2024\/10\/IMG-20241018-WA0041-300x225.jpg 300w, https:\/\/cpts-argenteuil.fr\/wp-content\/uploads\/2024\/10\/IMG-20241018-WA0041-768x576.jpg 768w, https:\/\/cpts-argenteuil.fr\/wp-content\/uploads\/2024\/10\/IMG-20241018-WA0041-1536x1152.jpg 1536w, https:\/\/cpts-argenteuil.fr\/wp-content\/uploads\/2024\/10\/IMG-20241018-WA0041.jpg 1600w\" sizes=\"auto, (max-width: 1024px) 100vw, 1024px\" \/><\/figure>\n<\/figure>\n\n\n\n<h2 class=\"wp-block-heading has-large-font-size\">Nos prochains \u00e9v\u00e9nements<\/h2>\n\n\n\n<p>Chers professionnels de sant\u00e9, chers partenaires,<\/p>\n\n\n\n<p>Nous avons le plaisir de vous inviter \u00e0 la restitution pl\u00e9ni\u00e8re des Groupes de Travail de la CPTS d&rsquo;Argenteuil, o\u00f9 nous vous pr\u00e9senterons la version b\u00eata de notre projet de sant\u00e9. Cet \u00e9v\u00e9nement sera l&rsquo;occasion de partager avec vous les avanc\u00e9es r\u00e9alis\u00e9es gr\u00e2ce \u00e0 votre engagement et de poursuivre, ensemble, la construction de ce projet collectif.<\/p>\n\n\n\n<p>Nous souhaitons, tout d\u2019abord, vous adresser nos sinc\u00e8res remerciements. Votre participation active, vos id\u00e9es et votre expertise ont \u00e9t\u00e9 les pierres angulaires de cette premi\u00e8re phase de travail. Gr\u00e2ce \u00e0 vous, ce projet prend forme de mani\u00e8re concr\u00e8te, en tenant compte des r\u00e9alit\u00e9s de notre territoire.<\/p>\n\n\n\n<p>Nous savons que nous exer\u00e7ons dans un contexte complexe et sinistr\u00e9, o\u00f9 les d\u00e9fis sont nombreux, mais nous sommes convaincues que les habitants d\u2019Argenteuil m\u00e9ritent un acc\u00e8s \u00e0 des soins de qualit\u00e9, dans un parcours fluide et coordonn\u00e9. C\u2019est en f\u00e9d\u00e9rant nos forces que nous pourrons relever ces d\u00e9fis et viser l\u2019excellence.<\/p>\n\n\n\n<p>Nous avons une ambition forte : faire de la CPTS un v\u00e9ritable outil d\u2019am\u00e9lioration de nos conditions de travail et de la qualit\u00e9 des soins sur notre territoire. Pour y parvenir, nous avons besoin de l\u2019implication de chacun, car c\u2019est ensemble que nous pourrons transformer les difficult\u00e9s en opportunit\u00e9s.<\/p>\n\n\n\n<p>Notre mantra est clair : \u00ab\u00a0F\u00e9d\u00e9rer pour mieux soigner.\u00a0\u00bb C\u2019est en cr\u00e9ant une communaut\u00e9 professionnelle solidaire et engag\u00e9e que nous pourrons innover, mutualiser nos comp\u00e9tences et am\u00e9liorer concr\u00e8tement la prise en charge des patients d\u2019Argenteuil.<\/p>\n\n\n\n<p>Nous comptons sur vous pour continuer \u00e0 participer activement \u00e0 cette dynamique collective. Cette restitution pl\u00e9ni\u00e8re sera un temps fort pour valider nos choix strat\u00e9giques, ajuster notre projet et pr\u00e9parer les prochaines \u00e9tapes.<\/p>\n\n\n\n<p>En esp\u00e9rant vous voir nombreux, nous vous remercions encore une fois pour votre investissement et votre engagement.<\/p>\n\n\n\n<p>Bien sinc\u00e8rement,<\/p>\n\n\n\n<p>Le Bureau de la CPTS en devenir d&rsquo;Argenteuil&nbsp;<\/p>\n\n\n\n<figure class=\"wp-block-gallery has-nested-images columns-default is-cropped wp-block-gallery-3 is-layout-flex wp-block-gallery-is-layout-flex\">\n<figure class=\"wp-block-image size-large\"><img loading=\"lazy\" decoding=\"async\" width=\"1024\" height=\"576\" data-id=\"134\" src=\"https:\/\/cpts-argenteuil.fr\/wp-content\/uploads\/2025\/02\/Invitation-CPTS-9-avril-V1-1024x576.jpg\" alt=\"CPTS d'Argenteuil\" class=\"wp-image-134\" srcset=\"https:\/\/cpts-argenteuil.fr\/wp-content\/uploads\/2025\/02\/Invitation-CPTS-9-avril-V1-1024x576.jpg 1024w, https:\/\/cpts-argenteuil.fr\/wp-content\/uploads\/2025\/02\/Invitation-CPTS-9-avril-V1-300x169.jpg 300w, https:\/\/cpts-argenteuil.fr\/wp-content\/uploads\/2025\/02\/Invitation-CPTS-9-avril-V1-768x432.jpg 768w, https:\/\/cpts-argenteuil.fr\/wp-content\/uploads\/2025\/02\/Invitation-CPTS-9-avril-V1-1536x864.jpg 1536w, https:\/\/cpts-argenteuil.fr\/wp-content\/uploads\/2025\/02\/Invitation-CPTS-9-avril-V1-2048x1152.jpg 2048w\" sizes=\"auto, (max-width: 1024px) 100vw, 1024px\" \/><\/figure>\n<\/figure>\n<\/div>\n\n\n\n<div class=\"wp-block-group alignfull has-background is-layout-constrained wp-block-group-is-layout-constrained\" id=\"contact\" style=\"background:linear-gradient(79deg,rgb(22,173,127) 0%,rgb(51,156,149) 44%,rgb(81,189,202) 100%);padding-top:104px;padding-bottom:104px\">\n<h2 class=\"wp-block-heading has-text-align-center has-text-color\" style=\"color:#ffffff\">Contactez nous pour adh\u00e9rer \u00e0 la CPTS<\/h2>\n\n\n\n<p class=\"has-text-align-center has-ast-global-color-5-color has-text-color has-link-color has-large-font-size wp-elements-56e0ddfd4c14c076c732505a7e627cc2\">L&rsquo;adh\u00e9sion \u00e0 la CPTS est gratuite<\/p>\n\n\n\n<form method=\"post\" class=\"wp-block-gutena-forms gutena-forms-contact-form gutena_forms_ID_c95bad833a_10102024134537 input-box-border-bottom-only after_submit_message is-layout-flow wp-container-gutena-forms-is-layout-00b5b574 wp-block-gutena-forms-is-layout-flow\" style=\"padding-top:2rem;padding-bottom:5rem\"><input type=\"hidden\" name=\"formid\" value=\"gutena_forms_ID_c95bad833a_10102024134537\"\/>\n<div class=\"wp-block-gutena-field-group  field-group-type-text is-layout-flow wp-block-gutena-field-group-is-layout-flow\">\n<div class=\"wp-block-group is-vertical is-layout-flex wp-container-core-group-is-layout-501cef26 wp-block-group-is-layout-flex\">\n<h3 class=\"wp-block-heading heading-input-label-gutena has-ast-global-color-5-color has-text-color has-link-color wp-elements-ca4873ad1b1decc8f3e87f1dde3fbd94\">Nom et Pr\u00e9nom<\/h3>\n\n\n<div class=\"gutena-forms-text-field field-name-first_name  wp-block-gutena-form-field\"><input \n\t\t\t\t name=\"first_name\" type=\"text\" class=\"gutena-forms-field text-field required-field  \" placeholder=\"Enter your first name\"  required \n\t\t\t\t\/><\/div><\/div>\n\n\n\n<p class=\"gutena-forms-field-error-msg\"><\/p>\n<\/div>\n\n\n\n<div class=\"wp-block-gutena-field-group  field-group-type-text is-layout-flow wp-block-gutena-field-group-is-layout-flow\">\n<div class=\"wp-block-group is-vertical is-layout-flex wp-container-core-group-is-layout-501cef26 wp-block-group-is-layout-flex\">\n<h3 class=\"wp-block-heading heading-input-label-gutena has-ast-global-color-5-color has-text-color has-link-color wp-elements-108e10ced0f132397b5ce76addfec518\">Organisation<\/h3>\n\n\n<div class=\"gutena-forms-text-field field-name-last_name  wp-block-gutena-form-field\"><input \n\t\t\t\t name=\"last_name\" type=\"text\" class=\"gutena-forms-field text-field required-field  \" placeholder=\"Enter your last name\"  required \n\t\t\t\t\/><\/div><\/div>\n\n\n\n<p class=\"gutena-forms-field-error-msg\"><\/p>\n<\/div>\n\n\n\n<div class=\"wp-block-gutena-field-group  field-group-type-email is-layout-flow wp-block-gutena-field-group-is-layout-flow\">\n<div class=\"wp-block-group is-vertical is-layout-flex wp-container-core-group-is-layout-501cef26 wp-block-group-is-layout-flex\">\n<h3 class=\"wp-block-heading heading-input-label-gutena has-ast-global-color-5-color has-text-color has-link-color wp-elements-eaf42ecc11b446931e59c7638c3948b4\">Email<\/h3>\n\n\n<div class=\"gutena-forms-email-field field-name-email  wp-block-gutena-form-field\"><input \n\t\t\t\t name=\"email\" type=\"email\" class=\"gutena-forms-field email-field required-field  \" placeholder=\"example@gmail.com\"  required \n\t\t\t\t\/><\/div><\/div>\n\n\n\n<p class=\"gutena-forms-field-error-msg\"><\/p>\n<\/div>\n\n\n\n<div class=\"wp-block-gutena-field-group  field-group-type-text is-layout-flow wp-block-gutena-field-group-is-layout-flow\">\n<div class=\"wp-block-group is-vertical is-layout-flex wp-container-core-group-is-layout-501cef26 wp-block-group-is-layout-flex\">\n<h3 class=\"wp-block-heading heading-input-label-gutena has-ast-global-color-5-color has-text-color has-link-color wp-elements-4aa34ad3a628613d1942a247edfd2e7e\">Objet<\/h3>\n\n\n<div class=\"gutena-forms-text-field field-name-subject  wp-block-gutena-form-field\"><input \n\t\t\t\t name=\"subject\" type=\"text\" class=\"gutena-forms-field text-field required-field  \" placeholder=\"Subject\"  required \n\t\t\t\t\/><\/div><\/div>\n\n\n\n<p class=\"gutena-forms-field-error-msg\"><\/p>\n<\/div>\n\n\n\n<div class=\"wp-block-gutena-field-group  field-group-type-textarea is-layout-flow wp-block-gutena-field-group-is-layout-flow\">\n<div class=\"wp-block-group is-vertical is-layout-flex wp-container-core-group-is-layout-501cef26 wp-block-group-is-layout-flex\">\n<h3 class=\"wp-block-heading heading-input-label-gutena has-ast-global-color-5-color has-text-color has-link-color wp-elements-d05456161f35b9183be2e16ae2298c60\">Message<\/h3>\n\n\n<div class=\"gutena-forms-textarea-field field-name-message  wp-block-gutena-form-field\"><textarea \n\t\t\t\t name=\"message\" rows=\"5\" class=\"gutena-forms-field textarea-field required-field  \" placeholder=\"Type here\"  required \n\t\t\t\t><\/textarea><\/div><\/div>\n\n\n\n<p class=\"gutena-forms-field-error-msg\"><\/p>\n<\/div>\n\n\n\n<div class=\"wp-block-buttons gutena-forms-submit-buttons is-layout-flex wp-block-buttons-is-layout-flex\">\n<div class=\"wp-block-button gutena-forms-submit-button\"><button class=\"wp-block-button__link has-white-color has-text-color has-link-color wp-element-button\">ENVOYER<\/button><\/div>\n<\/div>\n\n\n\n<div class=\"wp-block-gutena-form-confirm-msg is-layout-flow wp-block-gutena-form-confirm-msg-is-layout-flow\">\n<div class=\"wp-block-group has-background is-content-justification-left is-nowrap is-layout-flex wp-container-core-group-is-layout-385d3396 wp-block-group-is-layout-flex\" style=\"border-radius:5px;background-color:#d8eacc;padding-top:12px;padding-right:12px;padding-bottom:12px;padding-left:12px\">\n<figure class=\"wp-block-image size-large form-message-icon\"><img decoding=\"async\" src=\"data:image\/svg+xml;base64,PHN2ZyB3aWR0aD0iMTYiIGhlaWdodD0iMTYiIHZpZXdCb3g9IjAgMCAxNiAxNiIgZmlsbD0ibm9uZSIgeG1sbnM9Imh0dHA6Ly93d3cudzMub3JnLzIwMDAvc3ZnIj4KPHBhdGggZD0iTTggMTZDMy41ODE2IDE2IDAgMTIuNDE4NCAwIDhDMCAzLjU4MTYgMy41ODE2IDAgOCAwQzEyLjQxODQgMCAxNiAzLjU4MTYgMTYgOEMxNiAxMi40MTg0IDEyLjQxODQgMTYgOCAxNlpNOCAxNC40QzkuNjk3MzkgMTQuNCAxMS4zMjUzIDEzLjcyNTcgMTIuNTI1NSAxMi41MjU1QzEzLjcyNTcgMTEuMzI1MyAxNC40IDkuNjk3MzkgMTQuNCA4QzE0LjQgNi4zMDI2MSAxMy43MjU3IDQuNjc0NzUgMTIuNTI1NSAzLjQ3NDUyQzExLjMyNTMgMi4yNzQyOCA5LjY5NzM5IDEuNiA4IDEuNkM2LjMwMjYxIDEuNiA0LjY3NDc1IDIuMjc0MjggMy40NzQ1MiAzLjQ3NDUyQzIuMjc0MjggNC42NzQ3NSAxLjYgNi4zMDI2MSAxLjYgOEMxLjYgOS42OTczOSAyLjI3NDI4IDExLjMyNTMgMy40NzQ1MiAxMi41MjU1QzQuNjc0NzUgMTMuNzI1NyA2LjMwMjYxIDE0LjQgOCAxNC40Wk03LjIwMjQgMTEuMkwzLjgwOCA3LjgwNTZMNC45MzkyIDYuNjc0NEw3LjIwMjQgOC45Mzc2TDExLjcyNzIgNC40MTJMMTIuODU5MiA1LjU0MzJMNy4yMDI0IDExLjJaIiBmaWxsPSIjNDY4NDFFIi8+Cjwvc3ZnPgo=\" alt=\"Success\" class=\"wp-image-3811\"\/><\/figure>\n\n\n\n<p class=\"has-black-color has-text-color has-tiny-font-size\" style=\"font-size:12px;font-style:normal;font-weight:500;line-height:1.2\"><br><strong>Votre formulaire a \u00e9t\u00e9 soumis avec succ\u00e8s !<\/strong><\/p>\n<\/div>\n<\/div>\n\n\n\n<div class=\"wp-block-gutena-form-error-msg is-layout-flow wp-block-gutena-form-error-msg-is-layout-flow\">\n<div class=\"wp-block-group has-background is-content-justification-left is-nowrap is-layout-flex wp-container-core-group-is-layout-385d3396 wp-block-group-is-layout-flex\" style=\"border-radius:5px;background-color:#ffd3d3;padding-top:12px;padding-right:12px;padding-bottom:12px;padding-left:12px\">\n<figure class=\"wp-block-image size-large form-message-icon\"><img decoding=\"async\" src=\"data:image\/svg+xml;base64,PHN2ZyB3aWR0aD0iMTYiIGhlaWdodD0iMTYiIHZpZXdCb3g9IjAgMCAxNiAxNiIgZmlsbD0ibm9uZSIgeG1sbnM9Imh0dHA6Ly93d3cudzMub3JnLzIwMDAvc3ZnIj4KPHBhdGggZD0iTTggMTZDMy41ODE2IDE2IDAgMTIuNDE4NCAwIDhDMCAzLjU4MTYgMy41ODE2IDAgOCAwQzEyLjQxODQgMCAxNiAzLjU4MTYgMTYgOEMxNiAxMi40MTg0IDEyLjQxODQgMTYgOCAxNlpNOCAxNC40QzkuNjk3MzkgMTQuNCAxMS4zMjUzIDEzLjcyNTcgMTIuNTI1NSAxMi41MjU1QzEzLjcyNTcgMTEuMzI1MyAxNC40IDkuNjk3MzkgMTQuNCA4QzE0LjQgNi4zMDI2MSAxMy43MjU3IDQuNjc0NzUgMTIuNTI1NSAzLjQ3NDUyQzExLjMyNTMgMi4yNzQyOCA5LjY5NzM5IDEuNiA4IDEuNkM2LjMwMjYxIDEuNiA0LjY3NDc1IDIuMjc0MjggMy40NzQ1MiAzLjQ3NDUyQzIuMjc0MjggNC42NzQ3NSAxLjYgNi4zMDI2MSAxLjYgOEMxLjYgOS42OTczOSAyLjI3NDI4IDExLjMyNTMgMy40NzQ1MiAxMi41MjU1QzQuNjc0NzUgMTMuNzI1NyA2LjMwMjYxIDE0LjQgOCAxNC40Wk03LjIgMTAuNEg4LjhWMTJINy4yVjEwLjRaTTcuMiA0SDguOFY4LjhINy4yVjRaIiBmaWxsPSIjQzUxOTE5Ii8+Cjwvc3ZnPgo=\" alt=\"Error\" class=\"wp-image-3811\"\/><\/figure>\n\n\n\n<p class=\"gutena-forms-error-text has-black-color has-text-color\" style=\"font-size:12px;font-style:normal;font-weight:500;line-height:1.2\"><br><strong>D\u00e9sol\u00e9 ! Votre formulaire n\u2019a pas \u00e9t\u00e9 soumis correctement. Veuillez v\u00e9rifier les erreurs ci-dessus.<\/strong><\/p>\n<\/div>\n<\/div>\n<\/form>\n<\/div>\n\n\n\n<p><\/p>\n","protected":false},"excerpt":{"rendered":"<p>Quelques chiffres cl\u00e9s Focus sur le projet de sant\u00e9 de la CPTS Participez \u00e0 nos groupes de travail Nous valorisons [&hellip;]<\/p>\n","protected":false},"author":1,"featured_media":0,"parent":0,"menu_order":0,"comment_status":"closed","ping_status":"closed","template":"","meta":{"site-sidebar-layout":"no-sidebar","site-content-layout":"plain-container","ast-site-content-layout":"","site-content-style":"default","site-sidebar-style":"default","ast-global-header-display":"","ast-banner-title-visibility":"","ast-main-header-display":"","ast-hfb-above-header-display":"","ast-hfb-below-header-display":"","ast-hfb-mobile-header-display":"","site-post-title":"disabled","ast-breadcrumbs-content":"","ast-featured-img":"","footer-sml-layout":"","theme-transparent-header-meta":"enabled","adv-header-id-meta":"","stick-header-meta":"","header-above-stick-meta":"","header-main-stick-meta":"","header-below-stick-meta":"","astra-migrate-meta-layouts":"default","ast-page-background-enabled":"default","ast-page-background-meta":{"desktop":{"background-color":"var(--ast-global-color-4)","background-image":"","background-repeat":"repeat","background-position":"center center","background-size":"auto","background-attachment":"scroll","background-type":"","background-media":"","overlay-type":"","overlay-color":"","overlay-opacity":"","overlay-gradient":""},"tablet":{"background-color":"","background-image":"","background-repeat":"repeat","background-position":"center center","background-size":"auto","background-attachment":"scroll","background-type":"","background-media":"","overlay-type":"","overlay-color":"","overlay-opacity":"","overlay-gradient":""},"mobile":{"background-color":"","background-image":"","background-repeat":"repeat","background-position":"center center","background-size":"auto","background-attachment":"scroll","background-type":"","background-media":"","overlay-type":"","overlay-color":"","overlay-opacity":"","overlay-gradient":""}},"ast-content-background-meta":{"desktop":{"background-color":"var(--ast-global-color-5)","background-image":"","background-repeat":"repeat","background-position":"center center","background-size":"auto","background-attachment":"scroll","background-type":"","background-media":"","overlay-type":"","overlay-color":"","overlay-opacity":"","overlay-gradient":""},"tablet":{"background-color":"var(--ast-global-color-5)","background-image":"","background-repeat":"repeat","background-position":"center center","background-size":"auto","background-attachment":"scroll","background-type":"","background-media":"","overlay-type":"","overlay-color":"","overlay-opacity":"","overlay-gradient":""},"mobile":{"background-color":"var(--ast-global-color-5)","background-image":"","background-repeat":"repeat","background-position":"center center","background-size":"auto","background-attachment":"scroll","background-type":"","background-media":"","overlay-type":"","overlay-color":"","overlay-opacity":"","overlay-gradient":""}},"footnotes":""},"class_list":["post-8","page","type-page","status-publish","hentry"],"yoast_head":"<!-- This site is optimized with the Yoast SEO plugin v24.5 - https:\/\/yoast.com\/wordpress\/plugins\/seo\/ -->\n<title>Accueil - CPTS d&#039;Argenteuil<\/title>\n<meta name=\"description\" content=\"D\u00e9couvrez la CPTS d\u2019Argenteuil : un collectif de professionnels de sant\u00e9 unis pour am\u00e9liorer l\u2019acc\u00e8s aux soins, renforcer la coordination m\u00e9dicale et promouvoir la pr\u00e9vention sur le territoire d\u2019Argenteuil. Ensemble, construisons une sant\u00e9 plus accessible et efficace.\" \/>\n<meta name=\"robots\" content=\"index, follow, max-snippet:-1, max-image-preview:large, max-video-preview:-1\" \/>\n<link rel=\"canonical\" href=\"https:\/\/cpts-argenteuil.fr\/\" \/>\n<meta property=\"og:locale\" content=\"fr_FR\" \/>\n<meta property=\"og:type\" content=\"article\" \/>\n<meta property=\"og:title\" content=\"Accueil - CPTS d&#039;Argenteuil\" \/>\n<meta property=\"og:description\" content=\"D\u00e9couvrez la CPTS d\u2019Argenteuil : un collectif de professionnels de sant\u00e9 unis pour am\u00e9liorer l\u2019acc\u00e8s aux soins, renforcer la coordination m\u00e9dicale et promouvoir la pr\u00e9vention sur le territoire d\u2019Argenteuil. Ensemble, construisons une sant\u00e9 plus accessible et efficace.\" \/>\n<meta property=\"og:url\" content=\"https:\/\/cpts-argenteuil.fr\/\" \/>\n<meta property=\"og:site_name\" content=\"CPTS d&#039;Argenteuil\" \/>\n<meta property=\"article:modified_time\" content=\"2025-02-20T10:29:15+00:00\" \/>\n<meta property=\"og:image\" content=\"https:\/\/cpts-argenteuil.fr\/wp-content\/uploads\/2024\/10\/Capture-decran-2024-10-11-a-10.29.02.png\" \/>\n\t<meta property=\"og:image:width\" content=\"1008\" \/>\n\t<meta property=\"og:image:height\" content=\"726\" \/>\n\t<meta property=\"og:image:type\" content=\"image\/png\" \/>\n<meta name=\"twitter:card\" content=\"summary_large_image\" \/>\n<meta name=\"twitter:label1\" content=\"Dur\u00e9e de lecture estim\u00e9e\" \/>\n\t<meta name=\"twitter:data1\" content=\"7 minutes\" \/>\n<script type=\"application\/ld+json\" class=\"yoast-schema-graph\">{\"@context\":\"https:\/\/schema.org\",\"@graph\":[{\"@type\":\"WebPage\",\"@id\":\"https:\/\/cpts-argenteuil.fr\/\",\"url\":\"https:\/\/cpts-argenteuil.fr\/\",\"name\":\"Accueil - CPTS d&#039;Argenteuil\",\"isPartOf\":{\"@id\":\"https:\/\/cpts-argenteuil.fr\/#website\"},\"primaryImageOfPage\":{\"@id\":\"https:\/\/cpts-argenteuil.fr\/#primaryimage\"},\"image\":{\"@id\":\"https:\/\/cpts-argenteuil.fr\/#primaryimage\"},\"thumbnailUrl\":\"https:\/\/cpts-argenteuil.fr\/wp-content\/uploads\/2024\/10\/Capture-decran-2024-10-11-a-10.29.02.png\",\"datePublished\":\"2024-10-10T11:11:12+00:00\",\"dateModified\":\"2025-02-20T10:29:15+00:00\",\"description\":\"D\u00e9couvrez la CPTS d\u2019Argenteuil : un collectif de professionnels de sant\u00e9 unis pour am\u00e9liorer l\u2019acc\u00e8s aux soins, renforcer la coordination m\u00e9dicale et promouvoir la pr\u00e9vention sur le territoire d\u2019Argenteuil. Ensemble, construisons une sant\u00e9 plus accessible et efficace.\",\"breadcrumb\":{\"@id\":\"https:\/\/cpts-argenteuil.fr\/#breadcrumb\"},\"inLanguage\":\"fr-FR\",\"potentialAction\":[{\"@type\":\"ReadAction\",\"target\":[\"https:\/\/cpts-argenteuil.fr\/\"]}]},{\"@type\":\"ImageObject\",\"inLanguage\":\"fr-FR\",\"@id\":\"https:\/\/cpts-argenteuil.fr\/#primaryimage\",\"url\":\"https:\/\/cpts-argenteuil.fr\/wp-content\/uploads\/2024\/10\/Capture-decran-2024-10-11-a-10.29.02.png\",\"contentUrl\":\"https:\/\/cpts-argenteuil.fr\/wp-content\/uploads\/2024\/10\/Capture-decran-2024-10-11-a-10.29.02.png\",\"width\":1008,\"height\":726},{\"@type\":\"BreadcrumbList\",\"@id\":\"https:\/\/cpts-argenteuil.fr\/#breadcrumb\",\"itemListElement\":[{\"@type\":\"ListItem\",\"position\":1,\"name\":\"Accueil\",\"item\":\"https:\/\/cpts-argenteuil.fr\/\"},{\"@type\":\"ListItem\",\"position\":2,\"name\":\"Accueil\"}]},{\"@type\":\"WebSite\",\"@id\":\"https:\/\/cpts-argenteuil.fr\/#website\",\"url\":\"https:\/\/cpts-argenteuil.fr\/\",\"name\":\"CPTS d'Argenteuil\",\"description\":\"Un site utilisant WordPress\",\"publisher\":{\"@id\":\"https:\/\/cpts-argenteuil.fr\/#organization\"},\"potentialAction\":[{\"@type\":\"SearchAction\",\"target\":{\"@type\":\"EntryPoint\",\"urlTemplate\":\"https:\/\/cpts-argenteuil.fr\/?s={search_term_string}\"},\"query-input\":{\"@type\":\"PropertyValueSpecification\",\"valueRequired\":true,\"valueName\":\"search_term_string\"}}],\"inLanguage\":\"fr-FR\"},{\"@type\":\"Organization\",\"@id\":\"https:\/\/cpts-argenteuil.fr\/#organization\",\"name\":\"CPTS d'Argenteuil\",\"url\":\"https:\/\/cpts-argenteuil.fr\/\",\"logo\":{\"@type\":\"ImageObject\",\"inLanguage\":\"fr-FR\",\"@id\":\"https:\/\/cpts-argenteuil.fr\/#\/schema\/logo\/image\/\",\"url\":\"https:\/\/cpts-argenteuil.fr\/wp-content\/uploads\/2024\/10\/cropped-cropped-PHOTO-2024-09-26-09-29-10.jpg\",\"contentUrl\":\"https:\/\/cpts-argenteuil.fr\/wp-content\/uploads\/2024\/10\/cropped-cropped-PHOTO-2024-09-26-09-29-10.jpg\",\"width\":512,\"height\":329,\"caption\":\"CPTS d'Argenteuil\"},\"image\":{\"@id\":\"https:\/\/cpts-argenteuil.fr\/#\/schema\/logo\/image\/\"},\"sameAs\":[\"https:\/\/fr.linkedin.com\/in\/cpts-argenteuil-409b47337?trk=public_post_feed-actor-name\"]}]}<\/script>\n<!-- \/ Yoast SEO plugin. -->","yoast_head_json":{"title":"Accueil - CPTS d&#039;Argenteuil","description":"D\u00e9couvrez la CPTS d\u2019Argenteuil : un collectif de professionnels de sant\u00e9 unis pour am\u00e9liorer l\u2019acc\u00e8s aux soins, renforcer la coordination m\u00e9dicale et promouvoir la pr\u00e9vention sur le territoire d\u2019Argenteuil. Ensemble, construisons une sant\u00e9 plus accessible et efficace.","robots":{"index":"index","follow":"follow","max-snippet":"max-snippet:-1","max-image-preview":"max-image-preview:large","max-video-preview":"max-video-preview:-1"},"canonical":"https:\/\/cpts-argenteuil.fr\/","og_locale":"fr_FR","og_type":"article","og_title":"Accueil - CPTS d&#039;Argenteuil","og_description":"D\u00e9couvrez la CPTS d\u2019Argenteuil : un collectif de professionnels de sant\u00e9 unis pour am\u00e9liorer l\u2019acc\u00e8s aux soins, renforcer la coordination m\u00e9dicale et promouvoir la pr\u00e9vention sur le territoire d\u2019Argenteuil. Ensemble, construisons une sant\u00e9 plus accessible et efficace.","og_url":"https:\/\/cpts-argenteuil.fr\/","og_site_name":"CPTS d&#039;Argenteuil","article_modified_time":"2025-02-20T10:29:15+00:00","og_image":[{"width":1008,"height":726,"url":"https:\/\/cpts-argenteuil.fr\/wp-content\/uploads\/2024\/10\/Capture-decran-2024-10-11-a-10.29.02.png","type":"image\/png"}],"twitter_card":"summary_large_image","twitter_misc":{"Dur\u00e9e de lecture estim\u00e9e":"7 minutes"},"schema":{"@context":"https:\/\/schema.org","@graph":[{"@type":"WebPage","@id":"https:\/\/cpts-argenteuil.fr\/","url":"https:\/\/cpts-argenteuil.fr\/","name":"Accueil - CPTS d&#039;Argenteuil","isPartOf":{"@id":"https:\/\/cpts-argenteuil.fr\/#website"},"primaryImageOfPage":{"@id":"https:\/\/cpts-argenteuil.fr\/#primaryimage"},"image":{"@id":"https:\/\/cpts-argenteuil.fr\/#primaryimage"},"thumbnailUrl":"https:\/\/cpts-argenteuil.fr\/wp-content\/uploads\/2024\/10\/Capture-decran-2024-10-11-a-10.29.02.png","datePublished":"2024-10-10T11:11:12+00:00","dateModified":"2025-02-20T10:29:15+00:00","description":"D\u00e9couvrez la CPTS d\u2019Argenteuil : un collectif de professionnels de sant\u00e9 unis pour am\u00e9liorer l\u2019acc\u00e8s aux soins, renforcer la coordination m\u00e9dicale et promouvoir la pr\u00e9vention sur le territoire d\u2019Argenteuil. Ensemble, construisons une sant\u00e9 plus accessible et efficace.","breadcrumb":{"@id":"https:\/\/cpts-argenteuil.fr\/#breadcrumb"},"inLanguage":"fr-FR","potentialAction":[{"@type":"ReadAction","target":["https:\/\/cpts-argenteuil.fr\/"]}]},{"@type":"ImageObject","inLanguage":"fr-FR","@id":"https:\/\/cpts-argenteuil.fr\/#primaryimage","url":"https:\/\/cpts-argenteuil.fr\/wp-content\/uploads\/2024\/10\/Capture-decran-2024-10-11-a-10.29.02.png","contentUrl":"https:\/\/cpts-argenteuil.fr\/wp-content\/uploads\/2024\/10\/Capture-decran-2024-10-11-a-10.29.02.png","width":1008,"height":726},{"@type":"BreadcrumbList","@id":"https:\/\/cpts-argenteuil.fr\/#breadcrumb","itemListElement":[{"@type":"ListItem","position":1,"name":"Accueil","item":"https:\/\/cpts-argenteuil.fr\/"},{"@type":"ListItem","position":2,"name":"Accueil"}]},{"@type":"WebSite","@id":"https:\/\/cpts-argenteuil.fr\/#website","url":"https:\/\/cpts-argenteuil.fr\/","name":"CPTS d'Argenteuil","description":"Un site utilisant WordPress","publisher":{"@id":"https:\/\/cpts-argenteuil.fr\/#organization"},"potentialAction":[{"@type":"SearchAction","target":{"@type":"EntryPoint","urlTemplate":"https:\/\/cpts-argenteuil.fr\/?s={search_term_string}"},"query-input":{"@type":"PropertyValueSpecification","valueRequired":true,"valueName":"search_term_string"}}],"inLanguage":"fr-FR"},{"@type":"Organization","@id":"https:\/\/cpts-argenteuil.fr\/#organization","name":"CPTS d'Argenteuil","url":"https:\/\/cpts-argenteuil.fr\/","logo":{"@type":"ImageObject","inLanguage":"fr-FR","@id":"https:\/\/cpts-argenteuil.fr\/#\/schema\/logo\/image\/","url":"https:\/\/cpts-argenteuil.fr\/wp-content\/uploads\/2024\/10\/cropped-cropped-PHOTO-2024-09-26-09-29-10.jpg","contentUrl":"https:\/\/cpts-argenteuil.fr\/wp-content\/uploads\/2024\/10\/cropped-cropped-PHOTO-2024-09-26-09-29-10.jpg","width":512,"height":329,"caption":"CPTS d'Argenteuil"},"image":{"@id":"https:\/\/cpts-argenteuil.fr\/#\/schema\/logo\/image\/"},"sameAs":["https:\/\/fr.linkedin.com\/in\/cpts-argenteuil-409b47337?trk=public_post_feed-actor-name"]}]}},"_links":{"self":[{"href":"https:\/\/cpts-argenteuil.fr\/index.php?rest_route=\/wp\/v2\/pages\/8","targetHints":{"allow":["GET"]}}],"collection":[{"href":"https:\/\/cpts-argenteuil.fr\/index.php?rest_route=\/wp\/v2\/pages"}],"about":[{"href":"https:\/\/cpts-argenteuil.fr\/index.php?rest_route=\/wp\/v2\/types\/page"}],"author":[{"embeddable":true,"href":"https:\/\/cpts-argenteuil.fr\/index.php?rest_route=\/wp\/v2\/users\/1"}],"replies":[{"embeddable":true,"href":"https:\/\/cpts-argenteuil.fr\/index.php?rest_route=%2Fwp%2Fv2%2Fcomments&post=8"}],"version-history":[{"count":52,"href":"https:\/\/cpts-argenteuil.fr\/index.php?rest_route=\/wp\/v2\/pages\/8\/revisions"}],"predecessor-version":[{"id":160,"href":"https:\/\/cpts-argenteuil.fr\/index.php?rest_route=\/wp\/v2\/pages\/8\/revisions\/160"}],"wp:attachment":[{"href":"https:\/\/cpts-argenteuil.fr\/index.php?rest_route=%2Fwp%2Fv2%2Fmedia&parent=8"}],"curies":[{"name":"wp","href":"https:\/\/api.w.org\/{rel}","templated":true}]}}